{"id":300,"date":"2023-08-17T18:24:42","date_gmt":"2023-08-17T17:24:42","guid":{"rendered":"https:\/\/grundschule-gickelsberg.de\/kamenz\/?page_id=300"},"modified":"2025-12-15T13:32:47","modified_gmt":"2025-12-15T12:32:47","slug":"unser-team","status":"publish","type":"page","link":"https:\/\/grundschule-gickelsberg.de\/kamenz\/unser-team\/","title":{"rendered":"Team"},"content":{"rendered":"\t\t<div data-elementor-type=\"wp-page\" data-elementor-id=\"300\" class=\"elementor elementor-300\" data-elementor-post-type=\"page\">\n\t\t\t\t\t\t<section class=\"elementor-section elementor-top-section elementor-element elementor-element-d6d0dbf elementor-section-boxed elementor-section-height-default elementor-section-height-default\" data-id=\"d6d0dbf\" data-element_type=\"section\" data-e-type=\"section\">\n\t\t\t\t\t\t<div class=\"elementor-container elementor-column-gap-default\">\n\t\t\t\t\t<div class=\"elementor-column elementor-col-100 elementor-top-column elementor-element elementor-element-d1cd6b4\" data-id=\"d1cd6b4\" data-element_type=\"column\" data-e-type=\"column\">\n\t\t\t<div class=\"elementor-widget-wrap elementor-element-populated\">\n\t\t\t\t\t\t<div class=\"elementor-element elementor-element-e99a4d1 elementor-widget elementor-widget-image\" data-id=\"e99a4d1\" data-element_type=\"widget\" data-e-type=\"widget\" data-widget_type=\"image.default\">\n\t\t\t\t<div class=\"elementor-widget-container\">\n\t\t\t\t\t\t\t\t\t\t\t\t\t\t\t<img fetchpriority=\"high\" decoding=\"async\" width=\"1024\" height=\"739\" src=\"https:\/\/grundschule-gickelsberg.de\/kamenz\/wp-content\/uploads\/2025\/09\/25Team-Gickelsberg-1024x739.jpg\" class=\"attachment-large size-large wp-image-1244\" alt=\"\" srcset=\"https:\/\/grundschule-gickelsberg.de\/kamenz\/wp-content\/uploads\/2025\/09\/25Team-Gickelsberg-1024x739.jpg 1024w, https:\/\/grundschule-gickelsberg.de\/kamenz\/wp-content\/uploads\/2025\/09\/25Team-Gickelsberg-300x217.jpg 300w, https:\/\/grundschule-gickelsberg.de\/kamenz\/wp-content\/uploads\/2025\/09\/25Team-Gickelsberg-768x555.jpg 768w, https:\/\/grundschule-gickelsberg.de\/kamenz\/wp-content\/uploads\/2025\/09\/25Team-Gickelsberg-1536x1109.jpg 1536w, https:\/\/grundschule-gickelsberg.de\/kamenz\/wp-content\/uploads\/2025\/09\/25Team-Gickelsberg-2048x1479.jpg 2048w\" sizes=\"(max-width: 1024px) 100vw, 1024px\" \/>\t\t\t\t\t\t\t\t\t\t\t\t\t\t\t<\/div>\n\t\t\t\t<\/div>\n\t\t\t\t\t<\/div>\n\t\t<\/div>\n\t\t\t\t\t<\/div>\n\t\t<\/section>\n\t\t\t\t<section class=\"elementor-section elementor-top-section elementor-element elementor-element-3989a42 elementor-section-boxed elementor-section-height-default elementor-section-height-default\" data-id=\"3989a42\" data-element_type=\"section\" data-e-type=\"section\">\n\t\t\t\t\t\t<div class=\"elementor-container elementor-column-gap-default\">\n\t\t\t\t\t<div class=\"elementor-column elementor-col-100 elementor-top-column elementor-element elementor-element-8967362\" data-id=\"8967362\" data-element_type=\"column\" data-e-type=\"column\">\n\t\t\t<div class=\"elementor-widget-wrap\">\n\t\t\t\t\t\t\t<\/div>\n\t\t<\/div>\n\t\t\t\t\t<\/div>\n\t\t<\/section>\n\t\t\t\t<section class=\"elementor-section elementor-top-section elementor-element elementor-element-3e2e2aa elementor-section-boxed elementor-section-height-default elementor-section-height-default\" data-id=\"3e2e2aa\" data-element_type=\"section\" data-e-type=\"section\">\n\t\t\t\t\t\t<div class=\"elementor-container elementor-column-gap-default\">\n\t\t\t\t\t<div class=\"elementor-column elementor-col-100 elementor-top-column elementor-element elementor-element-1042a76\" data-id=\"1042a76\" data-element_type=\"column\" data-e-type=\"column\">\n\t\t\t<div class=\"elementor-widget-wrap elementor-element-populated\">\n\t\t\t\t\t\t<div class=\"elementor-element elementor-element-d368bd0 elementor-widget elementor-widget-image\" data-id=\"d368bd0\" data-element_type=\"widget\" data-e-type=\"widget\" data-widget_type=\"image.default\">\n\t\t\t\t<div class=\"elementor-widget-container\">\n\t\t\t\t\t\t\t\t\t\t\t\t\t\t\t<img decoding=\"async\" width=\"636\" height=\"121\" src=\"https:\/\/grundschule-gickelsberg.de\/kamenz\/wp-content\/uploads\/2023\/08\/Handschrift_gickelsberg_05.png\" class=\"attachment-large size-large wp-image-496\" alt=\"unser_team\" srcset=\"https:\/\/grundschule-gickelsberg.de\/kamenz\/wp-content\/uploads\/2023\/08\/Handschrift_gickelsberg_05.png 636w, https:\/\/grundschule-gickelsberg.de\/kamenz\/wp-content\/uploads\/2023\/08\/Handschrift_gickelsberg_05-300x57.png 300w\" sizes=\"(max-width: 636px) 100vw, 636px\" \/>\t\t\t\t\t\t\t\t\t\t\t\t\t\t\t<\/div>\n\t\t\t\t<\/div>\n\t\t\t\t\t<\/div>\n\t\t<\/div>\n\t\t\t\t\t<\/div>\n\t\t<\/section>\n\t\t\t\t<section class=\"elementor-section elementor-top-section elementor-element elementor-element-66905aa elementor-section-boxed elementor-section-height-default elementor-section-height-default\" data-id=\"66905aa\" data-element_type=\"section\" data-e-type=\"section\">\n\t\t\t\t\t\t<div class=\"elementor-container elementor-column-gap-default\">\n\t\t\t\t\t<div class=\"elementor-column elementor-col-100 elementor-top-column elementor-element elementor-element-5ecaa96\" data-id=\"5ecaa96\" data-element_type=\"column\" data-e-type=\"column\">\n\t\t\t<div class=\"elementor-widget-wrap elementor-element-populated\">\n\t\t\t\t\t\t<div class=\"elementor-element elementor-element-722a982 elementor-widget elementor-widget-text-editor\" data-id=\"722a982\" data-element_type=\"widget\" data-e-type=\"widget\" data-widget_type=\"text-editor.default\">\n\t\t\t\t<div class=\"elementor-widget-container\">\n\t\t\t\t\t\t\t\t\t<table style=\"direction: ltr; border-collapse: collapse; border: none;\" title=\"\" border=\"0\" summary=\"\" cellspacing=\"0\" cellpadding=\"0\">\n<tbody>\n<tr style=\"background-color: #026da3;\">\n<td style=\"vertical-align: top; padding: 4pt 4pt 4pt 4pt;\">\n<p style=\"margin: 0in; text-align: left;\"><span style=\"font-weight: bold; color: #ffffff;\">Name<\/span><\/p>\n<\/td>\n<td style=\"vertical-align: top; width: 1.1555in; padding: 4pt 4pt 4pt 4pt;\">\n<p style=\"margin: 0in; font-family: Calibri; font-size: 11.0pt;\">\n<\/p><\/td>\n<td style=\"vertical-align: top; padding: 4pt 4pt 4pt 4pt;\">\n<p style=\"margin: 0in; text-align: left;\"><span style=\"font-weight: bold; color: #ffffff;\">F\u00e4cher und Funktionen<\/span><\/p>\n<\/td>\n<\/tr>\n<tr style=\"background-color: #ffffff;\">\n<td style=\"vertical-align: top; padding: 4pt 4pt 4pt 4pt;\">\n<p style=\"margin: 0in; text-align: left;\">Frau Sch\u00fctze<\/p>\n<\/td>\n<td style=\"vertical-align: top; padding: 4pt 4pt 4pt 4pt;\">\n<p style=\"margin: 0in; text-align: left;\">Schulleiterin<\/p>\n<\/td>\n<td style=\"vertical-align: top; padding: 4pt 4pt 4pt 4pt;\">\n<p style=\"margin: 0in; text-align: left;\">Kunst, Englisch, Sport, Organisationsteam Zukunftstag<\/p>\n<\/td>\n<\/tr>\n<tr style=\"background-color: #ffffff;\">\n<td style=\"vertical-align: top; padding: 4pt 4pt 4pt 4pt;\">\n<p style=\"margin: 0in; text-align: left;\">Frau Kretzschmar<\/p>\n<\/td>\n<td style=\"vertical-align: top; padding: 4pt 4pt 4pt 4pt;\">\n<p style=\"margin: 0in; text-align: left;\">Klassenlehrerin Klasse 1<\/p>\n<\/td>\n<td style=\"vertical-align: top; width: 1.5611in; padding: 4pt 4pt 4pt 4pt;\">\n<p style=\"margin: 0in; text-align: left;\">Mathematik, Deutsch, Sachunterricht, Ethik, Mentorin<\/p>\n<p style=\"margin: 0in; text-align: left;\">\n<\/p><\/td>\n<\/tr>\n<tr style=\"background-color: #ffffff;\">\n<td style=\"vertical-align: top; padding: 4pt 4pt 4pt 4pt;\">\n<p style=\"margin: 0in; text-align: left;\">Frau Lehrig<\/p>\n<\/td>\n<td style=\"vertical-align: top; padding: 4pt 4pt 4pt 4pt;\">\n<p style=\"margin: 0in; text-align: left;\">Klassenlehrerin Klasse 2a<\/p>\n<\/td>\n<td style=\"vertical-align: top; padding: 4pt 4pt 4pt 4pt;\">\n<p style=\"margin: 0in; text-align: left;\">Mathematik, Deutsch, Kunst, Sachunterricht<\/p>\n<\/td>\n<\/tr>\n<tr style=\"background-color: #ffffff;\">\n<td style=\"vertical-align: top; padding: 4pt 4pt 4pt 4pt;\">\n<p style=\"margin: 0in; text-align: left;\">Frau Wenk<\/p>\n<\/td>\n<td style=\"vertical-align: top; padding: 4pt 4pt 4pt 4pt;\">\n<p style=\"margin: 0in; text-align: left;\">Klassenlehrerin Klasse 2b<\/p>\n<\/td>\n<td style=\"vertical-align: top; width: 1.5611in; padding: 4pt 4pt 4pt 4pt;\">\n<p style=\"margin: 0in; text-align: left;\">Deutsch, Mathematik, Sachunterricht, Musik, \u00f6rtlicher Personalrat<\/p>\n<\/td>\n<\/tr>\n<tr style=\"background-color: #ffffff;\">\n<td style=\"vertical-align: top; width: .9986in; padding: 4pt 4pt 4pt 4pt;\">\n<p style=\"margin: 0in; text-align: left;\">Herr Heimburger<\/p>\n<\/td>\n<td style=\"vertical-align: top; padding: 4pt 4pt 4pt 4pt;\">\n<p style=\"margin: 0in; text-align: left;\">Klassenlehrer Klasse 3<\/p>\n<\/td>\n<td style=\"vertical-align: top; width: 1.5611in; padding: 4pt 4pt 4pt 4pt;\">\n<p style=\"margin: 0in; text-align: left;\">Mathematik, Deutsch, Werken, Schulgarten, Medienverantwortlicher, Organisationsteam Zukunftstag<\/p>\n<\/td>\n<\/tr>\n<tr style=\"background-color: #ffffff;\">\n<td style=\"vertical-align: top; width: .9958in; padding: 4pt 4pt 4pt 4pt;\">\n<p style=\"margin: 0in; text-align: left;\">Frau Liebsch<\/p>\n<\/td>\n<td style=\"vertical-align: top; padding: 4pt 4pt 4pt 4pt;\">\n<p>stellvertretende Schulleiterin<\/p>\n<p>Klassenlehrerin Klasse 4<\/p>\n<p>Beratungslehrerin<\/p>\n<\/td>\n<td style=\"vertical-align: top; width: 1.5611in; padding: 4pt 4pt 4pt 4pt;\">\n<p style=\"margin: 0in; text-align: left;\">Deutsch, Mathematik, Musik, Verantwortung Schulversuch<\/p>\n<\/td>\n<\/tr>\n<tr style=\"background-color: #ffffff;\">\n<td style=\"vertical-align: top; width: 1.0048in; padding: 4pt 4pt 4pt 4pt;\">\n<p style=\"margin: 0in; text-align: left;\">Frau Reimann<\/p>\n<\/td>\n<td style=\"vertical-align: top; width: 1.1555in; padding: 4pt 4pt 4pt 4pt;\">Lehrerin<\/td>\n<td style=\"vertical-align: top; padding: 4pt 4pt 4pt 4pt;\">\n<p>Deutsch, Mathematik, Sport, Mentorin, Fachberaterin Sport<\/p>\n<\/td>\n<\/tr>\n<tr style=\"background-color: #ffffff;\">\n<td style=\"vertical-align: top; width: .9909in; padding: 4pt 4pt 4pt 4pt;\">\n<p style=\"margin: 0in; text-align: left;\">Frau Bartholom\u00e4us<\/p>\n<\/td>\n<td style=\"vertical-align: top; width: 1.1555in; padding: 4pt 4pt 4pt 4pt;\">\n<p style=\"margin: 0in; text-align: left;\">Lehrerin<\/p>\n<\/td>\n<td style=\"vertical-align: top; padding: 4pt 4pt 4pt 4pt;\">\n<p>Deutsch\/Sachunterricht Lehrerausbildungsst\u00e4tte L\u00f6bau, (Landes-)Fachberaterin Deutsch, Mentorin<\/p>\n<p style=\"margin: 0in; text-align: left;\">\n<\/p><\/td>\n<\/tr>\n<tr style=\"background-color: #ffffff;\">\n<td style=\"vertical-align: top; width: 1.0048in; padding: 4pt 4pt 4pt 4pt;\">\n<p style=\"margin: 0in; text-align: left;\">Frau Zschau<\/p>\n<\/td>\n<td style=\"vertical-align: top; width: 1.1555in; padding: 4pt 4pt 4pt 4pt;\">\n<p style=\"margin: 0in; text-align: left;\">Lehrerin<\/p>\n<\/td>\n<td style=\"vertical-align: top; padding: 4pt 4pt 4pt 4pt;\">\n<p style=\"margin: 0in; text-align: left;\">evangelische Religion<\/p>\n<\/td>\n<\/tr>\n<tr style=\"background-color: #ffffff;\">\n<td style=\"vertical-align: top; padding: 4pt 4pt 4pt 4pt;\">\n<p style=\"margin: 0in; text-align: left;\">Frau Rathmann<\/p>\n<\/td>\n<td style=\"vertical-align: top; width: 1.1555in; padding: 4pt 4pt 4pt 4pt;\">\n<p style=\"margin: 0in; font-family: Calibri; font-size: 11.0pt;\"><span style=\"font-family: 'Open Sans', sans-serif; font-size: 16px;\">Lehrerin<\/span><\/p>\n<p style=\"margin: 0in; font-family: Calibri; font-size: 11.0pt;\"><span style=\"font-family: 'Open Sans', sans-serif; font-size: 16px;\">(in Elternzeit)<\/span><\/p>\n<\/td>\n<td style=\"vertical-align: top; width: 1.5472in; padding: 4pt 4pt 4pt 4pt;\">\n<p style=\"margin: 0in; text-align: left;\">Deutsch, Mathematik, Sachunterricht, Sport, Organisationsteam Zukunftstag<\/p>\n<\/td>\n<\/tr>\n<tr style=\"background-color: #ffffff;\">\n<td style=\"vertical-align: top; padding: 4pt 4pt 4pt 4pt;\">Frau Ebnet<\/td>\n<td style=\"vertical-align: top; width: 1.1555in; padding: 4pt 4pt 4pt 4pt;\">Schulassistenz<\/td>\n<td style=\"vertical-align: top; width: 1.5472in; padding: 4pt 4pt 4pt 4pt;\">DAZ, F\u00f6rdern, Sport<\/td>\n<\/tr>\n<tr style=\"background-color: #ffffff;\">\n<td style=\"vertical-align: top; padding: 4pt 4pt 4pt 4pt;\">\n<p style=\"margin: 0in; text-align: left;\">Frau Guttmann<\/p>\n<\/td>\n<td style=\"vertical-align: top; width: 1.1555in; padding: 4pt 4pt 4pt 4pt;\">Referendarin<\/td>\n<td style=\"vertical-align: top; width: 1.5472in; padding: 4pt 4pt 4pt 4pt;\">\n<p style=\"margin: 0in; text-align: left;\">Sport, Deutsch, Sachunterricht, Mathematik<\/p>\n<\/td>\n<\/tr>\n<tr style=\"background-color: #ffffff;\">\n<td style=\"vertical-align: top; padding: 4pt 4pt 4pt 4pt;\">Frau M\u00fcnster<\/td>\n<td style=\"vertical-align: top; width: 1.1555in; padding: 4pt 4pt 4pt 4pt;\"><span style=\"font-family: 'Open Sans', sans-serif; font-size: 16px;\">Sekret\u00e4rin<\/span><\/td>\n<td style=\"vertical-align: top; width: 1.5472in; padding: 4pt 4pt 4pt 4pt;\">&nbsp;<\/td>\n<\/tr>\n<tr style=\"background-color: #ffffff;\">\n<td style=\"vertical-align: top; padding: 4pt 4pt 4pt 4pt;\">\n<p style=\"margin: 0in; text-align: left;\">Herr M\u00fcller<\/p>\n<\/td>\n<td style=\"vertical-align: top; width: 1.1555in; padding: 4pt 4pt 4pt 4pt;\">Hausmeister<\/td>\n<td style=\"vertical-align: top; width: 1.5472in; padding: 4pt 4pt 4pt 4pt;\">\n<p style=\"margin: 0in; text-align: left;\">\n<\/p><\/td>\n<\/tr>\n<tr style=\"background-color: #ffffff;\">\n<td style=\"vertical-align: top; padding: 4pt 4pt 4pt 4pt;\">&nbsp;<\/td>\n<td style=\"vertical-align: top; width: 1.1555in; padding: 4pt 4pt 4pt 4pt;\">&nbsp;<\/td>\n<td style=\"vertical-align: top; width: 1.5472in; padding: 4pt 4pt 4pt 4pt;\">&nbsp;<\/td>\n<\/tr>\n<tr style=\"background-color: #ffffff;\">\n<td style=\"vertical-align: top; width: 1.0048in; padding: 4pt 4pt 4pt 4pt;\">&nbsp;<\/td>\n<td style=\"vertical-align: top; width: 1.1555in; padding: 4pt 4pt 4pt 4pt;\">&nbsp;<\/td>\n<td style=\"vertical-align: top; padding: 4pt 4pt 4pt 4pt;\">&nbsp;<\/td>\n<\/tr>\n<\/tbody>\n<\/table>\t\t\t\t\t\t\t\t<\/div>\n\t\t\t\t<\/div>\n\t\t\t\t\t<\/div>\n\t\t<\/div>\n\t\t\t\t\t<\/div>\n\t\t<\/section>\n\t\t\t\t<\/div>\n\t\t","protected":false},"excerpt":{"rendered":"<p>Name F\u00e4cher und Funktionen Frau Sch\u00fctze Schulleiterin Kunst, Englisch, Sport, Organisationsteam Zukunftstag Frau Kretzschmar Klassenlehrerin Klasse 1 Mathematik, Deutsch, Sachunterricht, Ethik, Mentorin Frau Lehrig Klassenlehrerin Klasse 2a Mathematik, Deutsch, Kunst, Sachunterricht Frau Wenk Klassenlehrerin Klasse 2b Deutsch, Mathematik, Sachunterricht, Musik, \u00f6rtlicher Personalrat Herr Heimburger Klassenlehrer Klasse 3 Mathematik, Deutsch, Werken, Schulgarten, Medienverantwortlicher, Organisationsteam Zukunftstag Frau [&hellip;]<\/p>\n","protected":false},"author":1,"featured_media":302,"parent":0,"menu_order":0,"comment_status":"closed","ping_status":"closed","template":"","meta":{"site-sidebar-layout":"no-sidebar","site-content-layout":"page-builder","ast-site-content-layout":"full-width-container","site-content-style":"unboxed","site-sidebar-style":"unboxed","ast-global-header-display":"","ast-banner-title-visibility":"","ast-main-header-display":"","ast-hfb-above-header-display":"","ast-hfb-below-header-display":"","ast-hfb-mobile-header-display":"","site-post-title":"disabled","ast-breadcrumbs-content":"","ast-featured-img":"disabled","footer-sml-layout":"","theme-transparent-header-meta":"","adv-header-id-meta":"","stick-header-meta":"","header-above-stick-meta":"","header-main-stick-meta":"","header-below-stick-meta":"","astra-migrate-meta-layouts":"set","ast-page-background-enabled":"default","ast-page-background-meta":{"desktop":{"background-color":"var(--ast-global-color-4)","background-image":"","background-repeat":"repeat","background-position":"center center","background-size":"auto","background-attachment":"scroll","background-type":"","background-media":"","overlay-type":"","overlay-color":"","overlay-opacity":"","overlay-gradient":""},"tablet":{"background-color":"","background-image":"","background-repeat":"repeat","background-position":"center center","background-size":"auto","background-attachment":"scroll","background-type":"","background-media":"","overlay-type":"","overlay-color":"","overlay-opacity":"","overlay-gradient":""},"mobile":{"background-color":"","background-image":"","background-repeat":"repeat","background-position":"center center","background-size":"auto","background-attachment":"scroll","background-type":"","background-media":"","overlay-type":"","overlay-color":"","overlay-opacity":"","overlay-gradient":""}},"ast-content-background-meta":{"desktop":{"background-color":"var(--ast-global-color-5)","background-image":"","background-repeat":"repeat","background-position":"center center","background-size":"auto","background-attachment":"scroll","background-type":"","background-media":"","overlay-type":"","overlay-color":"","overlay-opacity":"","overlay-gradient":""},"tablet":{"background-color":"var(--ast-global-color-5)","background-image":"","background-repeat":"repeat","background-position":"center center","background-size":"auto","background-attachment":"scroll","background-type":"","background-media":"","overlay-type":"","overlay-color":"","overlay-opacity":"","overlay-gradient":""},"mobile":{"background-color":"var(--ast-global-color-5)","background-image":"","background-repeat":"repeat","background-position":"center center","background-size":"auto","background-attachment":"scroll","background-type":"","background-media":"","overlay-type":"","overlay-color":"","overlay-opacity":"","overlay-gradient":""}},"footnotes":""},"class_list":["post-300","page","type-page","status-publish","has-post-thumbnail","hentry"],"yoast_head":"<!-- This site is optimized with the Yoast SEO plugin v27.4 - https:\/\/yoast.com\/product\/yoast-seo-wordpress\/ -->\n<title>Team - Grundschule Am Gickelsberg<\/title>\n<meta name=\"description\" content=\"Unsere Lehrer und unser Personal sorgt f\u00fcr den ordnungsgem\u00e4\u00dfen Ablauf unseres Schulbetriebs.\" \/>\n<meta name=\"robots\" content=\"index, follow, max-snippet:-1, max-image-preview:large, max-video-preview:-1\" \/>\n<link rel=\"canonical\" href=\"https:\/\/grundschule-gickelsberg.de\/kamenz\/unser-team\/\" \/>\n<meta property=\"og:locale\" content=\"de_DE\" \/>\n<meta property=\"og:type\" content=\"article\" \/>\n<meta property=\"og:title\" content=\"Team - Grundschule Am Gickelsberg\" \/>\n<meta property=\"og:description\" content=\"Unsere Lehrer und unser Personal sorgt f\u00fcr den ordnungsgem\u00e4\u00dfen Ablauf unseres Schulbetriebs.\" \/>\n<meta property=\"og:url\" content=\"https:\/\/grundschule-gickelsberg.de\/kamenz\/unser-team\/\" \/>\n<meta property=\"og:site_name\" content=\"Grundschule Am Gickelsberg\" \/>\n<meta property=\"article:modified_time\" content=\"2025-12-15T12:32:47+00:00\" \/>\n<meta property=\"og:image\" content=\"https:\/\/grundschule-gickelsberg.de\/kamenz\/wp-content\/uploads\/2023\/08\/Lehrerfoto_2122b-768x554-1.jpg\" \/>\n\t<meta property=\"og:image:width\" content=\"768\" \/>\n\t<meta property=\"og:image:height\" content=\"554\" \/>\n\t<meta property=\"og:image:type\" content=\"image\/jpeg\" \/>\n<meta name=\"twitter:card\" content=\"summary_large_image\" \/>\n<meta name=\"twitter:label1\" content=\"Gesch\u00e4tzte Lesezeit\" \/>\n\t<meta name=\"twitter:data1\" content=\"2\u00a0Minuten\" \/>\n<script type=\"application\/ld+json\" class=\"yoast-schema-graph\">{\"@context\":\"https:\\\/\\\/schema.org\",\"@graph\":[{\"@type\":\"WebPage\",\"@id\":\"https:\\\/\\\/grundschule-gickelsberg.de\\\/kamenz\\\/unser-team\\\/\",\"url\":\"https:\\\/\\\/grundschule-gickelsberg.de\\\/kamenz\\\/unser-team\\\/\",\"name\":\"Team - Grundschule Am Gickelsberg\",\"isPartOf\":{\"@id\":\"https:\\\/\\\/grundschule-gickelsberg.de\\\/kamenz\\\/#website\"},\"primaryImageOfPage\":{\"@id\":\"https:\\\/\\\/grundschule-gickelsberg.de\\\/kamenz\\\/unser-team\\\/#primaryimage\"},\"image\":{\"@id\":\"https:\\\/\\\/grundschule-gickelsberg.de\\\/kamenz\\\/unser-team\\\/#primaryimage\"},\"thumbnailUrl\":\"https:\\\/\\\/grundschule-gickelsberg.de\\\/kamenz\\\/wp-content\\\/uploads\\\/2023\\\/08\\\/Lehrerfoto_2122b-768x554-1.jpg\",\"datePublished\":\"2023-08-17T17:24:42+00:00\",\"dateModified\":\"2025-12-15T12:32:47+00:00\",\"description\":\"Unsere Lehrer und unser Personal sorgt f\u00fcr den ordnungsgem\u00e4\u00dfen Ablauf unseres Schulbetriebs.\",\"breadcrumb\":{\"@id\":\"https:\\\/\\\/grundschule-gickelsberg.de\\\/kamenz\\\/unser-team\\\/#breadcrumb\"},\"inLanguage\":\"de\",\"potentialAction\":[{\"@type\":\"ReadAction\",\"target\":[\"https:\\\/\\\/grundschule-gickelsberg.de\\\/kamenz\\\/unser-team\\\/\"]}]},{\"@type\":\"ImageObject\",\"inLanguage\":\"de\",\"@id\":\"https:\\\/\\\/grundschule-gickelsberg.de\\\/kamenz\\\/unser-team\\\/#primaryimage\",\"url\":\"https:\\\/\\\/grundschule-gickelsberg.de\\\/kamenz\\\/wp-content\\\/uploads\\\/2023\\\/08\\\/Lehrerfoto_2122b-768x554-1.jpg\",\"contentUrl\":\"https:\\\/\\\/grundschule-gickelsberg.de\\\/kamenz\\\/wp-content\\\/uploads\\\/2023\\\/08\\\/Lehrerfoto_2122b-768x554-1.jpg\",\"width\":768,\"height\":554,\"caption\":\"Unser Lehrer und Personal Team\"},{\"@type\":\"BreadcrumbList\",\"@id\":\"https:\\\/\\\/grundschule-gickelsberg.de\\\/kamenz\\\/unser-team\\\/#breadcrumb\",\"itemListElement\":[{\"@type\":\"ListItem\",\"position\":1,\"name\":\"Startseite\",\"item\":\"https:\\\/\\\/grundschule-gickelsberg.de\\\/kamenz\\\/\"},{\"@type\":\"ListItem\",\"position\":2,\"name\":\"Team\"}]},{\"@type\":\"WebSite\",\"@id\":\"https:\\\/\\\/grundschule-gickelsberg.de\\\/kamenz\\\/#website\",\"url\":\"https:\\\/\\\/grundschule-gickelsberg.de\\\/kamenz\\\/\",\"name\":\"Grundschule Am Gickelsberg\",\"description\":\"Die Kamenzer Schule ist eine von 4 Grundschulen mit Ganztagsbetreuung. Im Jahr 2023 wurde die Schule mit digitalen Lernmedien ausgestattet.\",\"publisher\":{\"@id\":\"https:\\\/\\\/grundschule-gickelsberg.de\\\/kamenz\\\/#organization\"},\"potentialAction\":[{\"@type\":\"SearchAction\",\"target\":{\"@type\":\"EntryPoint\",\"urlTemplate\":\"https:\\\/\\\/grundschule-gickelsberg.de\\\/kamenz\\\/?s={search_term_string}\"},\"query-input\":{\"@type\":\"PropertyValueSpecification\",\"valueRequired\":true,\"valueName\":\"search_term_string\"}}],\"inLanguage\":\"de\"},{\"@type\":\"Organization\",\"@id\":\"https:\\\/\\\/grundschule-gickelsberg.de\\\/kamenz\\\/#organization\",\"name\":\"Grundschule Am Gickelsberg\",\"url\":\"https:\\\/\\\/grundschule-gickelsberg.de\\\/kamenz\\\/\",\"logo\":{\"@type\":\"ImageObject\",\"inLanguage\":\"de\",\"@id\":\"https:\\\/\\\/grundschule-gickelsberg.de\\\/kamenz\\\/#\\\/schema\\\/logo\\\/image\\\/\",\"url\":\"https:\\\/\\\/grundschule-gickelsberg.de\\\/kamenz\\\/wp-content\\\/uploads\\\/2023\\\/08\\\/gickel.png\",\"contentUrl\":\"https:\\\/\\\/grundschule-gickelsberg.de\\\/kamenz\\\/wp-content\\\/uploads\\\/2023\\\/08\\\/gickel.png\",\"width\":126,\"height\":136,\"caption\":\"Grundschule Am Gickelsberg\"},\"image\":{\"@id\":\"https:\\\/\\\/grundschule-gickelsberg.de\\\/kamenz\\\/#\\\/schema\\\/logo\\\/image\\\/\"}}]}<\/script>\n<!-- \/ Yoast SEO plugin. -->","yoast_head_json":{"title":"Team - Grundschule Am Gickelsberg","description":"Unsere Lehrer und unser Personal sorgt f\u00fcr den ordnungsgem\u00e4\u00dfen Ablauf unseres Schulbetriebs.","robots":{"index":"index","follow":"follow","max-snippet":"max-snippet:-1","max-image-preview":"max-image-preview:large","max-video-preview":"max-video-preview:-1"},"canonical":"https:\/\/grundschule-gickelsberg.de\/kamenz\/unser-team\/","og_locale":"de_DE","og_type":"article","og_title":"Team - Grundschule Am Gickelsberg","og_description":"Unsere Lehrer und unser Personal sorgt f\u00fcr den ordnungsgem\u00e4\u00dfen Ablauf unseres Schulbetriebs.","og_url":"https:\/\/grundschule-gickelsberg.de\/kamenz\/unser-team\/","og_site_name":"Grundschule Am Gickelsberg","article_modified_time":"2025-12-15T12:32:47+00:00","og_image":[{"width":768,"height":554,"url":"https:\/\/grundschule-gickelsberg.de\/kamenz\/wp-content\/uploads\/2023\/08\/Lehrerfoto_2122b-768x554-1.jpg","type":"image\/jpeg"}],"twitter_card":"summary_large_image","twitter_misc":{"Gesch\u00e4tzte Lesezeit":"2\u00a0Minuten"},"schema":{"@context":"https:\/\/schema.org","@graph":[{"@type":"WebPage","@id":"https:\/\/grundschule-gickelsberg.de\/kamenz\/unser-team\/","url":"https:\/\/grundschule-gickelsberg.de\/kamenz\/unser-team\/","name":"Team - Grundschule Am Gickelsberg","isPartOf":{"@id":"https:\/\/grundschule-gickelsberg.de\/kamenz\/#website"},"primaryImageOfPage":{"@id":"https:\/\/grundschule-gickelsberg.de\/kamenz\/unser-team\/#primaryimage"},"image":{"@id":"https:\/\/grundschule-gickelsberg.de\/kamenz\/unser-team\/#primaryimage"},"thumbnailUrl":"https:\/\/grundschule-gickelsberg.de\/kamenz\/wp-content\/uploads\/2023\/08\/Lehrerfoto_2122b-768x554-1.jpg","datePublished":"2023-08-17T17:24:42+00:00","dateModified":"2025-12-15T12:32:47+00:00","description":"Unsere Lehrer und unser Personal sorgt f\u00fcr den ordnungsgem\u00e4\u00dfen Ablauf unseres Schulbetriebs.","breadcrumb":{"@id":"https:\/\/grundschule-gickelsberg.de\/kamenz\/unser-team\/#breadcrumb"},"inLanguage":"de","potentialAction":[{"@type":"ReadAction","target":["https:\/\/grundschule-gickelsberg.de\/kamenz\/unser-team\/"]}]},{"@type":"ImageObject","inLanguage":"de","@id":"https:\/\/grundschule-gickelsberg.de\/kamenz\/unser-team\/#primaryimage","url":"https:\/\/grundschule-gickelsberg.de\/kamenz\/wp-content\/uploads\/2023\/08\/Lehrerfoto_2122b-768x554-1.jpg","contentUrl":"https:\/\/grundschule-gickelsberg.de\/kamenz\/wp-content\/uploads\/2023\/08\/Lehrerfoto_2122b-768x554-1.jpg","width":768,"height":554,"caption":"Unser Lehrer und Personal Team"},{"@type":"BreadcrumbList","@id":"https:\/\/grundschule-gickelsberg.de\/kamenz\/unser-team\/#breadcrumb","itemListElement":[{"@type":"ListItem","position":1,"name":"Startseite","item":"https:\/\/grundschule-gickelsberg.de\/kamenz\/"},{"@type":"ListItem","position":2,"name":"Team"}]},{"@type":"WebSite","@id":"https:\/\/grundschule-gickelsberg.de\/kamenz\/#website","url":"https:\/\/grundschule-gickelsberg.de\/kamenz\/","name":"Grundschule Am Gickelsberg","description":"Die Kamenzer Schule ist eine von 4 Grundschulen mit Ganztagsbetreuung. Im Jahr 2023 wurde die Schule mit digitalen Lernmedien ausgestattet.","publisher":{"@id":"https:\/\/grundschule-gickelsberg.de\/kamenz\/#organization"},"potentialAction":[{"@type":"SearchAction","target":{"@type":"EntryPoint","urlTemplate":"https:\/\/grundschule-gickelsberg.de\/kamenz\/?s={search_term_string}"},"query-input":{"@type":"PropertyValueSpecification","valueRequired":true,"valueName":"search_term_string"}}],"inLanguage":"de"},{"@type":"Organization","@id":"https:\/\/grundschule-gickelsberg.de\/kamenz\/#organization","name":"Grundschule Am Gickelsberg","url":"https:\/\/grundschule-gickelsberg.de\/kamenz\/","logo":{"@type":"ImageObject","inLanguage":"de","@id":"https:\/\/grundschule-gickelsberg.de\/kamenz\/#\/schema\/logo\/image\/","url":"https:\/\/grundschule-gickelsberg.de\/kamenz\/wp-content\/uploads\/2023\/08\/gickel.png","contentUrl":"https:\/\/grundschule-gickelsberg.de\/kamenz\/wp-content\/uploads\/2023\/08\/gickel.png","width":126,"height":136,"caption":"Grundschule Am Gickelsberg"},"image":{"@id":"https:\/\/grundschule-gickelsberg.de\/kamenz\/#\/schema\/logo\/image\/"}}]}},"jetpack_sharing_enabled":true,"_links":{"self":[{"href":"https:\/\/grundschule-gickelsberg.de\/kamenz\/wp-json\/wp\/v2\/pages\/300","targetHints":{"allow":["GET"]}}],"collection":[{"href":"https:\/\/grundschule-gickelsberg.de\/kamenz\/wp-json\/wp\/v2\/pages"}],"about":[{"href":"https:\/\/grundschule-gickelsberg.de\/kamenz\/wp-json\/wp\/v2\/types\/page"}],"author":[{"embeddable":true,"href":"https:\/\/grundschule-gickelsberg.de\/kamenz\/wp-json\/wp\/v2\/users\/1"}],"replies":[{"embeddable":true,"href":"https:\/\/grundschule-gickelsberg.de\/kamenz\/wp-json\/wp\/v2\/comments?post=300"}],"version-history":[{"count":155,"href":"https:\/\/grundschule-gickelsberg.de\/kamenz\/wp-json\/wp\/v2\/pages\/300\/revisions"}],"predecessor-version":[{"id":1387,"href":"https:\/\/grundschule-gickelsberg.de\/kamenz\/wp-json\/wp\/v2\/pages\/300\/revisions\/1387"}],"wp:featuredmedia":[{"embeddable":true,"href":"https:\/\/grundschule-gickelsberg.de\/kamenz\/wp-json\/wp\/v2\/media\/302"}],"wp:attachment":[{"href":"https:\/\/grundschule-gickelsberg.de\/kamenz\/wp-json\/wp\/v2\/media?parent=300"}],"curies":[{"name":"wp","href":"https:\/\/api.w.org\/{rel}","templated":true}]}}