{"id":474,"date":"2023-08-18T12:30:50","date_gmt":"2023-08-18T11:30:50","guid":{"rendered":"https:\/\/grundschule-gickelsberg.de\/kamenz\/?page_id=474"},"modified":"2024-07-26T11:24:03","modified_gmt":"2024-07-26T09:24:03","slug":"unsere-projekte","status":"publish","type":"page","link":"https:\/\/grundschule-gickelsberg.de\/kamenz\/unsere-projekte\/","title":{"rendered":"Projekte"},"content":{"rendered":"\t\t<div data-elementor-type=\"wp-page\" data-elementor-id=\"474\" class=\"elementor elementor-474\" data-elementor-post-type=\"page\">\n\t\t\t\t\t\t<section class=\"elementor-section elementor-top-section elementor-element elementor-element-58a0060 elementor-section-boxed elementor-section-height-default elementor-section-height-default\" data-id=\"58a0060\" data-element_type=\"section\" data-e-type=\"section\">\n\t\t\t\t\t\t<div class=\"elementor-container elementor-column-gap-default\">\n\t\t\t\t\t<div class=\"elementor-column elementor-col-100 elementor-top-column elementor-element elementor-element-c642688\" data-id=\"c642688\" data-element_type=\"column\" data-e-type=\"column\">\n\t\t\t<div class=\"elementor-widget-wrap elementor-element-populated\">\n\t\t\t\t\t\t<div class=\"elementor-element elementor-element-d9aac42 elementor-widget elementor-widget-gallery\" data-id=\"d9aac42\" data-element_type=\"widget\" data-e-type=\"widget\" data-settings=\"{&quot;lazyload&quot;:&quot;yes&quot;,&quot;gallery_layout&quot;:&quot;grid&quot;,&quot;columns&quot;:4,&quot;columns_tablet&quot;:2,&quot;columns_mobile&quot;:1,&quot;gap&quot;:{&quot;unit&quot;:&quot;px&quot;,&quot;size&quot;:10,&quot;sizes&quot;:[]},&quot;gap_tablet&quot;:{&quot;unit&quot;:&quot;px&quot;,&quot;size&quot;:10,&quot;sizes&quot;:[]},&quot;gap_mobile&quot;:{&quot;unit&quot;:&quot;px&quot;,&quot;size&quot;:10,&quot;sizes&quot;:[]},&quot;link_to&quot;:&quot;file&quot;,&quot;aspect_ratio&quot;:&quot;3:2&quot;,&quot;overlay_background&quot;:&quot;yes&quot;,&quot;content_hover_animation&quot;:&quot;fade-in&quot;}\" data-widget_type=\"gallery.default\">\n\t\t\t\t<div class=\"elementor-widget-container\">\n\t\t\t\t\t\t\t<div class=\"elementor-gallery__container\">\n\t\t\t\t\t\t\t<a class=\"e-gallery-item elementor-gallery-item elementor-animated-content\" href=\"https:\/\/grundschule-gickelsberg.de\/kamenz\/wp-content\/uploads\/2023\/08\/gickelsberg-tag-der-offenen-tuer1.jpg\" data-elementor-open-lightbox=\"yes\" data-elementor-lightbox-slideshow=\"d9aac42\" data-elementor-lightbox-title=\"gickelsberg-tag-der-offenen-tuer1\" data-e-action-hash=\"#elementor-action%3Aaction%3Dlightbox%26settings%3DeyJpZCI6NjkwLCJ1cmwiOiJodHRwczpcL1wvZ3J1bmRzY2h1bGUtZ2lja2Vsc2JlcmcuZGVcL2thbWVuelwvd3AtY29udGVudFwvdXBsb2Fkc1wvMjAyM1wvMDhcL2dpY2tlbHNiZXJnLXRhZy1kZXItb2ZmZW5lbi10dWVyMS5qcGciLCJzbGlkZXNob3ciOiJkOWFhYzQyIn0%3D\">\n\t\t\t\t\t<div class=\"e-gallery-image elementor-gallery-item__image\" data-thumbnail=\"https:\/\/grundschule-gickelsberg.de\/kamenz\/wp-content\/uploads\/2023\/08\/gickelsberg-tag-der-offenen-tuer1-199x300.jpg\" data-width=\"199\" data-height=\"300\" aria-label=\"\" role=\"img\" ><\/div>\n\t\t\t\t\t\t\t\t\t\t\t<div class=\"elementor-gallery-item__overlay\"><\/div>\n\t\t\t\t\t\t\t\t\t\t\t\t\t\t<\/a>\n\t\t\t\t\t\t\t<a class=\"e-gallery-item elementor-gallery-item elementor-animated-content\" href=\"https:\/\/grundschule-gickelsberg.de\/kamenz\/wp-content\/uploads\/2023\/08\/gickelsberg-tag-der-offenen-tuer2.jpg\" data-elementor-open-lightbox=\"yes\" data-elementor-lightbox-slideshow=\"d9aac42\" data-elementor-lightbox-title=\"gickelsberg-tag-der-offenen-tuer2\" data-e-action-hash=\"#elementor-action%3Aaction%3Dlightbox%26settings%3DeyJpZCI6NjkxLCJ1cmwiOiJodHRwczpcL1wvZ3J1bmRzY2h1bGUtZ2lja2Vsc2JlcmcuZGVcL2thbWVuelwvd3AtY29udGVudFwvdXBsb2Fkc1wvMjAyM1wvMDhcL2dpY2tlbHNiZXJnLXRhZy1kZXItb2ZmZW5lbi10dWVyMi5qcGciLCJzbGlkZXNob3ciOiJkOWFhYzQyIn0%3D\">\n\t\t\t\t\t<div class=\"e-gallery-image elementor-gallery-item__image\" data-thumbnail=\"https:\/\/grundschule-gickelsberg.de\/kamenz\/wp-content\/uploads\/2023\/08\/gickelsberg-tag-der-offenen-tuer2-300x199.jpg\" data-width=\"300\" data-height=\"199\" aria-label=\"\" role=\"img\" ><\/div>\n\t\t\t\t\t\t\t\t\t\t\t<div class=\"elementor-gallery-item__overlay\"><\/div>\n\t\t\t\t\t\t\t\t\t\t\t\t\t\t<\/a>\n\t\t\t\t\t\t\t<a class=\"e-gallery-item elementor-gallery-item elementor-animated-content\" href=\"https:\/\/grundschule-gickelsberg.de\/kamenz\/wp-content\/uploads\/2023\/08\/gickelsberg-tag-der-offenen-tuer4.jpg\" data-elementor-open-lightbox=\"yes\" data-elementor-lightbox-slideshow=\"d9aac42\" data-elementor-lightbox-title=\"gickelsberg-tag-der-offenen-tuer4\" data-e-action-hash=\"#elementor-action%3Aaction%3Dlightbox%26settings%3DeyJpZCI6NjkyLCJ1cmwiOiJodHRwczpcL1wvZ3J1bmRzY2h1bGUtZ2lja2Vsc2JlcmcuZGVcL2thbWVuelwvd3AtY29udGVudFwvdXBsb2Fkc1wvMjAyM1wvMDhcL2dpY2tlbHNiZXJnLXRhZy1kZXItb2ZmZW5lbi10dWVyNC5qcGciLCJzbGlkZXNob3ciOiJkOWFhYzQyIn0%3D\">\n\t\t\t\t\t<div class=\"e-gallery-image elementor-gallery-item__image\" data-thumbnail=\"https:\/\/grundschule-gickelsberg.de\/kamenz\/wp-content\/uploads\/2023\/08\/gickelsberg-tag-der-offenen-tuer4-199x300.jpg\" data-width=\"199\" data-height=\"300\" aria-label=\"\" role=\"img\" ><\/div>\n\t\t\t\t\t\t\t\t\t\t\t<div class=\"elementor-gallery-item__overlay\"><\/div>\n\t\t\t\t\t\t\t\t\t\t\t\t\t\t<\/a>\n\t\t\t\t\t\t\t<a class=\"e-gallery-item elementor-gallery-item elementor-animated-content\" href=\"https:\/\/grundschule-gickelsberg.de\/kamenz\/wp-content\/uploads\/2023\/08\/gickelsberg-tag-der-offenen-tuer6.jpg\" data-elementor-open-lightbox=\"yes\" data-elementor-lightbox-slideshow=\"d9aac42\" data-elementor-lightbox-title=\"gickelsberg-tag-der-offenen-tuer6\" data-e-action-hash=\"#elementor-action%3Aaction%3Dlightbox%26settings%3DeyJpZCI6NjkzLCJ1cmwiOiJodHRwczpcL1wvZ3J1bmRzY2h1bGUtZ2lja2Vsc2JlcmcuZGVcL2thbWVuelwvd3AtY29udGVudFwvdXBsb2Fkc1wvMjAyM1wvMDhcL2dpY2tlbHNiZXJnLXRhZy1kZXItb2ZmZW5lbi10dWVyNi5qcGciLCJzbGlkZXNob3ciOiJkOWFhYzQyIn0%3D\">\n\t\t\t\t\t<div class=\"e-gallery-image elementor-gallery-item__image\" data-thumbnail=\"https:\/\/grundschule-gickelsberg.de\/kamenz\/wp-content\/uploads\/2023\/08\/gickelsberg-tag-der-offenen-tuer6-300x199.jpg\" data-width=\"300\" data-height=\"199\" aria-label=\"\" role=\"img\" ><\/div>\n\t\t\t\t\t\t\t\t\t\t\t<div class=\"elementor-gallery-item__overlay\"><\/div>\n\t\t\t\t\t\t\t\t\t\t\t\t\t\t<\/a>\n\t\t\t\t\t<\/div>\n\t\t\t\t\t<\/div>\n\t\t\t\t<\/div>\n\t\t\t\t\t<\/div>\n\t\t<\/div>\n\t\t\t\t\t<\/div>\n\t\t<\/section>\n\t\t\t\t<section class=\"elementor-section elementor-top-section elementor-element elementor-element-5c64d06 elementor-section-boxed elementor-section-height-default elementor-section-height-default\" data-id=\"5c64d06\" data-element_type=\"section\" data-e-type=\"section\">\n\t\t\t\t\t\t<div class=\"elementor-container elementor-column-gap-default\">\n\t\t\t\t\t<div class=\"elementor-column elementor-col-100 elementor-top-column elementor-element elementor-element-cfd7b84\" data-id=\"cfd7b84\" data-element_type=\"column\" data-e-type=\"column\">\n\t\t\t<div class=\"elementor-widget-wrap\">\n\t\t\t\t\t\t\t<\/div>\n\t\t<\/div>\n\t\t\t\t\t<\/div>\n\t\t<\/section>\n\t\t\t\t<section class=\"elementor-section elementor-top-section elementor-element elementor-element-5d557fc elementor-section-boxed elementor-section-height-default elementor-section-height-default\" data-id=\"5d557fc\" data-element_type=\"section\" data-e-type=\"section\">\n\t\t\t\t\t\t<div class=\"elementor-container elementor-column-gap-default\">\n\t\t\t\t\t<div class=\"elementor-column elementor-col-100 elementor-top-column elementor-element elementor-element-3759539\" data-id=\"3759539\" data-element_type=\"column\" data-e-type=\"column\">\n\t\t\t<div class=\"elementor-widget-wrap elementor-element-populated\">\n\t\t\t\t\t\t<div class=\"elementor-element elementor-element-5f0f6aa elementor-widget elementor-widget-image\" data-id=\"5f0f6aa\" data-element_type=\"widget\" data-e-type=\"widget\" data-widget_type=\"image.default\">\n\t\t\t\t<div class=\"elementor-widget-container\">\n\t\t\t\t\t\t\t\t\t\t\t\t\t\t\t<img fetchpriority=\"high\" decoding=\"async\" width=\"587\" height=\"199\" src=\"https:\/\/grundschule-gickelsberg.de\/kamenz\/wp-content\/uploads\/2023\/08\/Handschrift_gickelsberg_03.png\" class=\"attachment-large size-large wp-image-495\" alt=\"\" srcset=\"https:\/\/grundschule-gickelsberg.de\/kamenz\/wp-content\/uploads\/2023\/08\/Handschrift_gickelsberg_03.png 587w, https:\/\/grundschule-gickelsberg.de\/kamenz\/wp-content\/uploads\/2023\/08\/Handschrift_gickelsberg_03-300x102.png 300w\" sizes=\"(max-width: 587px) 100vw, 587px\" \/>\t\t\t\t\t\t\t\t\t\t\t\t\t\t\t<\/div>\n\t\t\t\t<\/div>\n\t\t\t\t\t<\/div>\n\t\t<\/div>\n\t\t\t\t\t<\/div>\n\t\t<\/section>\n\t\t\t\t<section class=\"elementor-section elementor-top-section elementor-element elementor-element-cd406e7 elementor-section-boxed elementor-section-height-default elementor-section-height-default\" data-id=\"cd406e7\" data-element_type=\"section\" data-e-type=\"section\">\n\t\t\t\t\t\t<div class=\"elementor-container elementor-column-gap-default\">\n\t\t\t\t\t<div class=\"elementor-column elementor-col-100 elementor-top-column elementor-element elementor-element-517dece\" data-id=\"517dece\" data-element_type=\"column\" data-e-type=\"column\">\n\t\t\t<div class=\"elementor-widget-wrap elementor-element-populated\">\n\t\t\t\t\t\t<div class=\"elementor-element elementor-element-114cd06 elementor-widget elementor-widget-text-editor\" data-id=\"114cd06\" data-element_type=\"widget\" data-e-type=\"widget\" data-widget_type=\"text-editor.default\">\n\t\t\t\t<div class=\"elementor-widget-container\">\n\t\t\t\t\t\t\t\t\t<p>Wir f\u00fchren Projekte des f\u00e4cherverbindenden Unterichts und andere Projekte durch, die auch Strukturen der Klassenverb\u00e4nde aufl\u00f6sen. J\u00fcngere und \u00e4ltere Sch\u00fclerinnen und Sch\u00fcler aus den Klassen 1 bis 4 lernen \u00fcber einen begrenzten Zeitraum hinweg gemeinsam.<\/p>\t\t\t\t\t\t\t\t<\/div>\n\t\t\t\t<\/div>\n\t\t\t\t<section class=\"elementor-section elementor-inner-section elementor-element elementor-element-56c7e8db elementor-section-boxed elementor-section-height-default elementor-section-height-default\" data-id=\"56c7e8db\" data-element_type=\"section\" data-e-type=\"section\">\n\t\t\t\t\t\t<div class=\"elementor-container elementor-column-gap-default\">\n\t\t\t\t\t<div class=\"elementor-column elementor-col-33 elementor-inner-column elementor-element elementor-element-47d65230\" data-id=\"47d65230\" data-element_type=\"column\" data-e-type=\"column\">\n\t\t\t<div class=\"elementor-widget-wrap elementor-element-populated\">\n\t\t\t\t\t\t<div class=\"elementor-element elementor-element-6701719a elementor-view-default elementor-position-block-start elementor-mobile-position-block-start elementor-widget elementor-widget-icon-box\" data-id=\"6701719a\" data-element_type=\"widget\" data-e-type=\"widget\" data-widget_type=\"icon-box.default\">\n\t\t\t\t<div class=\"elementor-widget-container\">\n\t\t\t\t\t\t\t<div class=\"elementor-icon-box-wrapper\">\n\n\t\t\t\t\t\t<div class=\"elementor-icon-box-icon\">\n\t\t\t\t<span  class=\"elementor-icon elementor-animation-grow\">\n\t\t\t\t<i aria-hidden=\"true\" class=\"fas fa-star\"><\/i>\t\t\t\t<\/span>\n\t\t\t<\/div>\n\t\t\t\n\t\t\t\t\t\t<div class=\"elementor-icon-box-content\">\n\n\t\t\t\t\t\t\t\t\t<h3 class=\"elementor-icon-box-title\">\n\t\t\t\t\t\t<span  >\n\t\t\t\t\t\t\tZukunftstag\t\t\t\t\t\t<\/span>\n\t\t\t\t\t<\/h3>\n\t\t\t\t\n\t\t\t\t\t\t\t\t\t<p class=\"elementor-icon-box-description\">\n\t\t\t\t\t\tJeden Freitag arbeiten die Kinder in individuellen Gruppen zu selbst gew\u00e4hlten Themen zu den 17 Zielen zur Bildung nachhaltiger Entwicklung.\t\t\t\t\t<\/p>\n\t\t\t\t\n\t\t\t<\/div>\n\t\t\t\n\t\t<\/div>\n\t\t\t\t\t\t<\/div>\n\t\t\t\t<\/div>\n\t\t\t\t\t<\/div>\n\t\t<\/div>\n\t\t\t\t<div class=\"elementor-column elementor-col-33 elementor-inner-column elementor-element elementor-element-6b9bc6ad\" data-id=\"6b9bc6ad\" data-element_type=\"column\" data-e-type=\"column\">\n\t\t\t<div class=\"elementor-widget-wrap elementor-element-populated\">\n\t\t\t\t\t\t<div class=\"elementor-element elementor-element-2fd0196f elementor-view-default elementor-position-block-start elementor-mobile-position-block-start elementor-widget elementor-widget-icon-box\" data-id=\"2fd0196f\" data-element_type=\"widget\" data-e-type=\"widget\" data-widget_type=\"icon-box.default\">\n\t\t\t\t<div class=\"elementor-widget-container\">\n\t\t\t\t\t\t\t<div class=\"elementor-icon-box-wrapper\">\n\n\t\t\t\t\t\t<div class=\"elementor-icon-box-icon\">\n\t\t\t\t<span  class=\"elementor-icon elementor-animation-grow\">\n\t\t\t\t<i aria-hidden=\"true\" class=\"fas fa-star\"><\/i>\t\t\t\t<\/span>\n\t\t\t<\/div>\n\t\t\t\n\t\t\t\t\t\t<div class=\"elementor-icon-box-content\">\n\n\t\t\t\t\t\t\t\t\t<h3 class=\"elementor-icon-box-title\">\n\t\t\t\t\t\t<span  >\n\t\t\t\t\t\t\tHutberg e.V.\t\t\t\t\t\t<\/span>\n\t\t\t\t\t<\/h3>\n\t\t\t\t\n\t\t\t\t\t\t\t\t\t<p class=\"elementor-icon-box-description\">\n\t\t\t\t\t\tAuf Entdeckungstour \"Rund um den Kamenzer Hutberg\". In Zusammenarbeit mit dem F\u00f6rderverein Hutberg Kamenz e.V. erhalten die 3. und 4. Klassen durch Exkursionen einen Einblick in verschiedene Teile der Kamenzer Natur- und Stadtgeschichte. \t\t\t\t\t<\/p>\n\t\t\t\t\n\t\t\t<\/div>\n\t\t\t\n\t\t<\/div>\n\t\t\t\t\t\t<\/div>\n\t\t\t\t<\/div>\n\t\t\t\t\t<\/div>\n\t\t<\/div>\n\t\t\t\t<div class=\"elementor-column elementor-col-33 elementor-inner-column elementor-element elementor-element-3514d63\" data-id=\"3514d63\" data-element_type=\"column\" data-e-type=\"column\">\n\t\t\t<div class=\"elementor-widget-wrap elementor-element-populated\">\n\t\t\t\t\t\t<div class=\"elementor-element elementor-element-7e51c93b elementor-view-default elementor-position-block-start elementor-mobile-position-block-start elementor-widget elementor-widget-icon-box\" data-id=\"7e51c93b\" data-element_type=\"widget\" data-e-type=\"widget\" data-widget_type=\"icon-box.default\">\n\t\t\t\t<div class=\"elementor-widget-container\">\n\t\t\t\t\t\t\t<div class=\"elementor-icon-box-wrapper\">\n\n\t\t\t\t\t\t<div class=\"elementor-icon-box-icon\">\n\t\t\t\t<span  class=\"elementor-icon elementor-animation-grow\">\n\t\t\t\t<i aria-hidden=\"true\" class=\"fas fa-star\"><\/i>\t\t\t\t<\/span>\n\t\t\t<\/div>\n\t\t\t\n\t\t\t\t\t\t<div class=\"elementor-icon-box-content\">\n\n\t\t\t\t\t\t\t\t\t<h3 class=\"elementor-icon-box-title\">\n\t\t\t\t\t\t<span  >\n\t\t\t\t\t\t\tFit4future\t\t\t\t\t\t<\/span>\n\t\t\t\t\t<\/h3>\n\t\t\t\t\n\t\t\t\t\t\t\t\t\t<p class=\"elementor-icon-box-description\">\n\t\t\t\t\t\tDas Programm \"Fit4future\" finden wir als hervorragende M\u00f6glichkeit, die Schwerpunkte Bewegung, Brainfitness und gesunde Ern\u00e4hrung in unseren Schulalltag zu integrieren\t\t\t\t\t<\/p>\n\t\t\t\t\n\t\t\t<\/div>\n\t\t\t\n\t\t<\/div>\n\t\t\t\t\t\t<\/div>\n\t\t\t\t<\/div>\n\t\t\t\t\t<\/div>\n\t\t<\/div>\n\t\t\t\t\t<\/div>\n\t\t<\/section>\n\t\t\t\t<section class=\"elementor-section elementor-inner-section elementor-element elementor-element-4096f54 elementor-section-boxed elementor-section-height-default elementor-section-height-default\" data-id=\"4096f54\" data-element_type=\"section\" data-e-type=\"section\">\n\t\t\t\t\t\t<div class=\"elementor-container elementor-column-gap-default\">\n\t\t\t\t\t<div class=\"elementor-column elementor-col-33 elementor-inner-column elementor-element elementor-element-70566010\" data-id=\"70566010\" data-element_type=\"column\" data-e-type=\"column\">\n\t\t\t<div class=\"elementor-widget-wrap elementor-element-populated\">\n\t\t\t\t\t\t<div class=\"elementor-element elementor-element-6e2dcb35 elementor-view-default elementor-position-block-start elementor-mobile-position-block-start elementor-widget elementor-widget-icon-box\" data-id=\"6e2dcb35\" data-element_type=\"widget\" data-e-type=\"widget\" data-widget_type=\"icon-box.default\">\n\t\t\t\t<div class=\"elementor-widget-container\">\n\t\t\t\t\t\t\t<div class=\"elementor-icon-box-wrapper\">\n\n\t\t\t\t\t\t<div class=\"elementor-icon-box-icon\">\n\t\t\t\t<span  class=\"elementor-icon elementor-animation-grow\">\n\t\t\t\t<i aria-hidden=\"true\" class=\"fas fa-star\"><\/i>\t\t\t\t<\/span>\n\t\t\t<\/div>\n\t\t\t\n\t\t\t\t\t\t<div class=\"elementor-icon-box-content\">\n\n\t\t\t\t\t\t\t\t\t<h3 class=\"elementor-icon-box-title\">\n\t\t\t\t\t\t<span  >\n\t\t\t\t\t\t\tBewegungsgarten\t\t\t\t\t\t<\/span>\n\t\t\t\t\t<\/h3>\n\t\t\t\t\n\t\t\t\t\t\t\t\t\t<p class=\"elementor-icon-box-description\">\n\t\t\t\t\t\tIn unserem Bewegungsgarten erleben die Kinder Natur und Umwelt hautnah. \t\t\t\t\t<\/p>\n\t\t\t\t\n\t\t\t<\/div>\n\t\t\t\n\t\t<\/div>\n\t\t\t\t\t\t<\/div>\n\t\t\t\t<\/div>\n\t\t\t\t\t<\/div>\n\t\t<\/div>\n\t\t\t\t<div class=\"elementor-column elementor-col-33 elementor-inner-column elementor-element elementor-element-45737e2a\" data-id=\"45737e2a\" data-element_type=\"column\" data-e-type=\"column\">\n\t\t\t<div class=\"elementor-widget-wrap elementor-element-populated\">\n\t\t\t\t\t\t<div class=\"elementor-element elementor-element-5af85772 elementor-view-default elementor-position-block-start elementor-mobile-position-block-start elementor-widget elementor-widget-icon-box\" data-id=\"5af85772\" data-element_type=\"widget\" data-e-type=\"widget\" data-widget_type=\"icon-box.default\">\n\t\t\t\t<div class=\"elementor-widget-container\">\n\t\t\t\t\t\t\t<div class=\"elementor-icon-box-wrapper\">\n\n\t\t\t\t\t\t<div class=\"elementor-icon-box-icon\">\n\t\t\t\t<span  class=\"elementor-icon elementor-animation-grow\">\n\t\t\t\t<i aria-hidden=\"true\" class=\"fas fa-star\"><\/i>\t\t\t\t<\/span>\n\t\t\t<\/div>\n\t\t\t\n\t\t\t\t\t\t<div class=\"elementor-icon-box-content\">\n\n\t\t\t\t\t\t\t\t\t<h3 class=\"elementor-icon-box-title\">\n\t\t\t\t\t\t<span  >\n\t\t\t\t\t\t\t\"Der Gickelsberg liest\"\t\t\t\t\t\t<\/span>\n\t\t\t\t\t<\/h3>\n\t\t\t\t\n\t\t\t\t\t\t\t\t\t<p class=\"elementor-icon-box-description\">\n\t\t\t\t\t\tUnser j\u00e4hrlich stattfindendes Projekt zum Welttag des Buches f\u00f6rdert Lesefreude und Leseinteresse.\t\t\t\t\t<\/p>\n\t\t\t\t\n\t\t\t<\/div>\n\t\t\t\n\t\t<\/div>\n\t\t\t\t\t\t<\/div>\n\t\t\t\t<\/div>\n\t\t\t\t\t<\/div>\n\t\t<\/div>\n\t\t\t\t<div class=\"elementor-column elementor-col-33 elementor-inner-column elementor-element elementor-element-29db187b\" data-id=\"29db187b\" data-element_type=\"column\" data-e-type=\"column\">\n\t\t\t<div class=\"elementor-widget-wrap elementor-element-populated\">\n\t\t\t\t\t\t<div class=\"elementor-element elementor-element-610c7e2 elementor-view-default elementor-position-block-start elementor-mobile-position-block-start elementor-widget elementor-widget-icon-box\" data-id=\"610c7e2\" data-element_type=\"widget\" data-e-type=\"widget\" data-widget_type=\"icon-box.default\">\n\t\t\t\t<div class=\"elementor-widget-container\">\n\t\t\t\t\t\t\t<div class=\"elementor-icon-box-wrapper\">\n\n\t\t\t\t\t\t<div class=\"elementor-icon-box-icon\">\n\t\t\t\t<span  class=\"elementor-icon elementor-animation-grow\">\n\t\t\t\t<i aria-hidden=\"true\" class=\"fas fa-star\"><\/i>\t\t\t\t<\/span>\n\t\t\t<\/div>\n\t\t\t\n\t\t\t\t\t\t<div class=\"elementor-icon-box-content\">\n\n\t\t\t\t\t\t\t\t\t<h3 class=\"elementor-icon-box-title\">\n\t\t\t\t\t\t<span  >\n\t\t\t\t\t\t\tProjekt Kultur(t)r\u00e4ume\t\t\t\t\t\t<\/span>\n\t\t\t\t\t<\/h3>\n\t\t\t\t\n\t\t\t\t\t\t\t\t\t<p class=\"elementor-icon-box-description\">\n\t\t\t\t\t\tDas gemeinsame Projekt unserer 1. Klasse den Vorschulkindern der Kita \" Regenbogen\" und dem Museum der Westlausitz unterst\u00fctzt durch gemeinsame kulturelle, kreative und museumsp\u00e4dagogische Veranstaltung den \u00dcbergang in die Schule und die Vorbereitung auf die Bildung nachhaltiger Entwicklung..\t\t\t\t\t<\/p>\n\t\t\t\t\n\t\t\t<\/div>\n\t\t\t\n\t\t<\/div>\n\t\t\t\t\t\t<\/div>\n\t\t\t\t<\/div>\n\t\t\t\t\t<\/div>\n\t\t<\/div>\n\t\t\t\t\t<\/div>\n\t\t<\/section>\n\t\t\t\t\t<\/div>\n\t\t<\/div>\n\t\t\t\t\t<\/div>\n\t\t<\/section>\n\t\t\t\t<section class=\"elementor-section elementor-top-section elementor-element elementor-element-2d358b0 elementor-section-boxed elementor-section-height-default elementor-section-height-default\" data-id=\"2d358b0\" data-element_type=\"section\" data-e-type=\"section\">\n\t\t\t\t\t\t<div class=\"elementor-container elementor-column-gap-default\">\n\t\t\t\t\t<div class=\"elementor-column elementor-col-100 elementor-top-column elementor-element elementor-element-9f58f10\" data-id=\"9f58f10\" data-element_type=\"column\" data-e-type=\"column\">\n\t\t\t<div class=\"elementor-widget-wrap\">\n\t\t\t\t\t\t\t<\/div>\n\t\t<\/div>\n\t\t\t\t\t<\/div>\n\t\t<\/section>\n\t\t\t\t<\/div>\n\t\t","protected":false},"excerpt":{"rendered":"<p>Wir f\u00fchren Projekte des f\u00e4cherverbindenden Unterichts und andere Projekte durch, die auch Strukturen der Klassenverb\u00e4nde aufl\u00f6sen. J\u00fcngere und \u00e4ltere Sch\u00fclerinnen und Sch\u00fcler aus den Klassen 1 bis 4 lernen \u00fcber einen begrenzten Zeitraum hinweg gemeinsam. Zukunftstag Jeden Freitag arbeiten die Kinder in individuellen Gruppen zu selbst gew\u00e4hlten Themen zu den 17 Zielen zur Bildung nachhaltiger [&hellip;]<\/p>\n","protected":false},"author":1,"featured_media":577,"parent":0,"menu_order":0,"comment_status":"closed","ping_status":"closed","template":"","meta":{"site-sidebar-layout":"no-sidebar","site-content-layout":"page-builder","ast-site-content-layout":"","site-content-style":"default","site-sidebar-style":"default","ast-global-header-display":"","ast-banner-title-visibility":"","ast-main-header-display":"","ast-hfb-above-header-display":"","ast-hfb-below-header-display":"","ast-hfb-mobile-header-display":"","site-post-title":"disabled","ast-breadcrumbs-content":"","ast-featured-img":"disabled","footer-sml-layout":"","theme-transparent-header-meta":"","adv-header-id-meta":"","stick-header-meta":"","header-above-stick-meta":"","header-main-stick-meta":"","header-below-stick-meta":"","astra-migrate-meta-layouts":"default","ast-page-background-enabled":"default","ast-page-background-meta":{"desktop":{"background-color":"var(--ast-global-color-4)","background-image":"","background-repeat":"repeat","background-position":"center center","background-size":"auto","background-attachment":"scroll","background-type":"","background-media":"","overlay-type":"","overlay-color":"","overlay-opacity":"","overlay-gradient":""},"tablet":{"background-color":"","background-image":"","background-repeat":"repeat","background-position":"center center","background-size":"auto","background-attachment":"scroll","background-type":"","background-media":"","overlay-type":"","overlay-color":"","overlay-opacity":"","overlay-gradient":""},"mobile":{"background-color":"","background-image":"","background-repeat":"repeat","background-position":"center center","background-size":"auto","background-attachment":"scroll","background-type":"","background-media":"","overlay-type":"","overlay-color":"","overlay-opacity":"","overlay-gradient":""}},"ast-content-background-meta":{"desktop":{"background-color":"var(--ast-global-color-5)","background-image":"","background-repeat":"repeat","background-position":"center center","background-size":"auto","background-attachment":"scroll","background-type":"","background-media":"","overlay-type":"","overlay-color":"","overlay-opacity":"","overlay-gradient":""},"tablet":{"background-color":"var(--ast-global-color-5)","background-image":"","background-repeat":"repeat","background-position":"center center","background-size":"auto","background-attachment":"scroll","background-type":"","background-media":"","overlay-type":"","overlay-color":"","overlay-opacity":"","overlay-gradient":""},"mobile":{"background-color":"var(--ast-global-color-5)","background-image":"","background-repeat":"repeat","background-position":"center center","background-size":"auto","background-attachment":"scroll","background-type":"","background-media":"","overlay-type":"","overlay-color":"","overlay-opacity":"","overlay-gradient":""}},"footnotes":""},"class_list":["post-474","page","type-page","status-publish","has-post-thumbnail","hentry"],"yoast_head":"<!-- This site is optimized with the Yoast SEO plugin v27.5 - https:\/\/yoast.com\/product\/yoast-seo-wordpress\/ -->\n<title>Projekte - Grundschule Am Gickelsberg<\/title>\n<meta name=\"description\" content=\"Wir f\u00fchren Projekte des f\u00e4cherverbindenden Unterichts und andere Projekte durch, die auch Strukturen der Klassenverb\u00e4nde aufl\u00f6sen. J\u00fcngere und \u00e4ltere Sch\u00fclerinnen und Sch\u00fcler aus den Klassen 1 bis 4 lernen \u00fcber einen begrenzten Zeitraum hinweg gemeinsam.\" \/>\n<meta name=\"robots\" content=\"index, follow, max-snippet:-1, max-image-preview:large, max-video-preview:-1\" \/>\n<link rel=\"canonical\" href=\"https:\/\/grundschule-gickelsberg.de\/kamenz\/unsere-projekte\/\" \/>\n<meta property=\"og:locale\" content=\"de_DE\" \/>\n<meta property=\"og:type\" content=\"article\" \/>\n<meta property=\"og:title\" content=\"Projekte - Grundschule Am Gickelsberg\" \/>\n<meta property=\"og:description\" content=\"Wir f\u00fchren Projekte des f\u00e4cherverbindenden Unterichts und andere Projekte durch, die auch Strukturen der Klassenverb\u00e4nde aufl\u00f6sen. J\u00fcngere und \u00e4ltere Sch\u00fclerinnen und Sch\u00fcler aus den Klassen 1 bis 4 lernen \u00fcber einen begrenzten Zeitraum hinweg gemeinsam.\" \/>\n<meta property=\"og:url\" content=\"https:\/\/grundschule-gickelsberg.de\/kamenz\/unsere-projekte\/\" \/>\n<meta property=\"og:site_name\" content=\"Grundschule Am Gickelsberg\" \/>\n<meta property=\"article:modified_time\" content=\"2024-07-26T09:24:03+00:00\" \/>\n<meta property=\"og:image\" content=\"https:\/\/grundschule-gickelsberg.de\/kamenz\/wp-content\/uploads\/2023\/08\/IMG_9422-1-scaled.jpg\" \/>\n\t<meta property=\"og:image:width\" content=\"2560\" \/>\n\t<meta property=\"og:image:height\" content=\"1920\" \/>\n\t<meta property=\"og:image:type\" content=\"image\/jpeg\" \/>\n<meta name=\"twitter:card\" content=\"summary_large_image\" \/>\n<meta name=\"twitter:label1\" content=\"Gesch\u00e4tzte Lesezeit\" \/>\n\t<meta name=\"twitter:data1\" content=\"1\u00a0Minute\" \/>\n<script type=\"application\/ld+json\" class=\"yoast-schema-graph\">{\"@context\":\"https:\\\/\\\/schema.org\",\"@graph\":[{\"@type\":\"WebPage\",\"@id\":\"https:\\\/\\\/grundschule-gickelsberg.de\\\/kamenz\\\/unsere-projekte\\\/\",\"url\":\"https:\\\/\\\/grundschule-gickelsberg.de\\\/kamenz\\\/unsere-projekte\\\/\",\"name\":\"Projekte - Grundschule Am Gickelsberg\",\"isPartOf\":{\"@id\":\"https:\\\/\\\/grundschule-gickelsberg.de\\\/kamenz\\\/#website\"},\"primaryImageOfPage\":{\"@id\":\"https:\\\/\\\/grundschule-gickelsberg.de\\\/kamenz\\\/unsere-projekte\\\/#primaryimage\"},\"image\":{\"@id\":\"https:\\\/\\\/grundschule-gickelsberg.de\\\/kamenz\\\/unsere-projekte\\\/#primaryimage\"},\"thumbnailUrl\":\"https:\\\/\\\/grundschule-gickelsberg.de\\\/kamenz\\\/wp-content\\\/uploads\\\/2023\\\/08\\\/IMG_9422-1-scaled.jpg\",\"datePublished\":\"2023-08-18T11:30:50+00:00\",\"dateModified\":\"2024-07-26T09:24:03+00:00\",\"description\":\"Wir f\u00fchren Projekte des f\u00e4cherverbindenden Unterichts und andere Projekte durch, die auch Strukturen der Klassenverb\u00e4nde aufl\u00f6sen. J\u00fcngere und \u00e4ltere Sch\u00fclerinnen und Sch\u00fcler aus den Klassen 1 bis 4 lernen \u00fcber einen begrenzten Zeitraum hinweg gemeinsam.\",\"breadcrumb\":{\"@id\":\"https:\\\/\\\/grundschule-gickelsberg.de\\\/kamenz\\\/unsere-projekte\\\/#breadcrumb\"},\"inLanguage\":\"de\",\"potentialAction\":[{\"@type\":\"ReadAction\",\"target\":[\"https:\\\/\\\/grundschule-gickelsberg.de\\\/kamenz\\\/unsere-projekte\\\/\"]}]},{\"@type\":\"ImageObject\",\"inLanguage\":\"de\",\"@id\":\"https:\\\/\\\/grundschule-gickelsberg.de\\\/kamenz\\\/unsere-projekte\\\/#primaryimage\",\"url\":\"https:\\\/\\\/grundschule-gickelsberg.de\\\/kamenz\\\/wp-content\\\/uploads\\\/2023\\\/08\\\/IMG_9422-1-scaled.jpg\",\"contentUrl\":\"https:\\\/\\\/grundschule-gickelsberg.de\\\/kamenz\\\/wp-content\\\/uploads\\\/2023\\\/08\\\/IMG_9422-1-scaled.jpg\",\"width\":2560,\"height\":1920},{\"@type\":\"BreadcrumbList\",\"@id\":\"https:\\\/\\\/grundschule-gickelsberg.de\\\/kamenz\\\/unsere-projekte\\\/#breadcrumb\",\"itemListElement\":[{\"@type\":\"ListItem\",\"position\":1,\"name\":\"Startseite\",\"item\":\"https:\\\/\\\/grundschule-gickelsberg.de\\\/kamenz\\\/\"},{\"@type\":\"ListItem\",\"position\":2,\"name\":\"Projekte\"}]},{\"@type\":\"WebSite\",\"@id\":\"https:\\\/\\\/grundschule-gickelsberg.de\\\/kamenz\\\/#website\",\"url\":\"https:\\\/\\\/grundschule-gickelsberg.de\\\/kamenz\\\/\",\"name\":\"Grundschule Am Gickelsberg\",\"description\":\"Die Kamenzer Schule ist eine von 4 Grundschulen mit Ganztagsbetreuung. Im Jahr 2023 wurde die Schule mit digitalen Lernmedien ausgestattet.\",\"publisher\":{\"@id\":\"https:\\\/\\\/grundschule-gickelsberg.de\\\/kamenz\\\/#organization\"},\"potentialAction\":[{\"@type\":\"SearchAction\",\"target\":{\"@type\":\"EntryPoint\",\"urlTemplate\":\"https:\\\/\\\/grundschule-gickelsberg.de\\\/kamenz\\\/?s={search_term_string}\"},\"query-input\":{\"@type\":\"PropertyValueSpecification\",\"valueRequired\":true,\"valueName\":\"search_term_string\"}}],\"inLanguage\":\"de\"},{\"@type\":\"Organization\",\"@id\":\"https:\\\/\\\/grundschule-gickelsberg.de\\\/kamenz\\\/#organization\",\"name\":\"Grundschule Am Gickelsberg\",\"url\":\"https:\\\/\\\/grundschule-gickelsberg.de\\\/kamenz\\\/\",\"logo\":{\"@type\":\"ImageObject\",\"inLanguage\":\"de\",\"@id\":\"https:\\\/\\\/grundschule-gickelsberg.de\\\/kamenz\\\/#\\\/schema\\\/logo\\\/image\\\/\",\"url\":\"https:\\\/\\\/grundschule-gickelsberg.de\\\/kamenz\\\/wp-content\\\/uploads\\\/2023\\\/08\\\/gickel.png\",\"contentUrl\":\"https:\\\/\\\/grundschule-gickelsberg.de\\\/kamenz\\\/wp-content\\\/uploads\\\/2023\\\/08\\\/gickel.png\",\"width\":126,\"height\":136,\"caption\":\"Grundschule Am Gickelsberg\"},\"image\":{\"@id\":\"https:\\\/\\\/grundschule-gickelsberg.de\\\/kamenz\\\/#\\\/schema\\\/logo\\\/image\\\/\"}}]}<\/script>\n<!-- \/ Yoast SEO plugin. -->","yoast_head_json":{"title":"Projekte - Grundschule Am Gickelsberg","description":"Wir f\u00fchren Projekte des f\u00e4cherverbindenden Unterichts und andere Projekte durch, die auch Strukturen der Klassenverb\u00e4nde aufl\u00f6sen. J\u00fcngere und \u00e4ltere Sch\u00fclerinnen und Sch\u00fcler aus den Klassen 1 bis 4 lernen \u00fcber einen begrenzten Zeitraum hinweg gemeinsam.","robots":{"index":"index","follow":"follow","max-snippet":"max-snippet:-1","max-image-preview":"max-image-preview:large","max-video-preview":"max-video-preview:-1"},"canonical":"https:\/\/grundschule-gickelsberg.de\/kamenz\/unsere-projekte\/","og_locale":"de_DE","og_type":"article","og_title":"Projekte - Grundschule Am Gickelsberg","og_description":"Wir f\u00fchren Projekte des f\u00e4cherverbindenden Unterichts und andere Projekte durch, die auch Strukturen der Klassenverb\u00e4nde aufl\u00f6sen. J\u00fcngere und \u00e4ltere Sch\u00fclerinnen und Sch\u00fcler aus den Klassen 1 bis 4 lernen \u00fcber einen begrenzten Zeitraum hinweg gemeinsam.","og_url":"https:\/\/grundschule-gickelsberg.de\/kamenz\/unsere-projekte\/","og_site_name":"Grundschule Am Gickelsberg","article_modified_time":"2024-07-26T09:24:03+00:00","og_image":[{"width":2560,"height":1920,"url":"https:\/\/grundschule-gickelsberg.de\/kamenz\/wp-content\/uploads\/2023\/08\/IMG_9422-1-scaled.jpg","type":"image\/jpeg"}],"twitter_card":"summary_large_image","twitter_misc":{"Gesch\u00e4tzte Lesezeit":"1\u00a0Minute"},"schema":{"@context":"https:\/\/schema.org","@graph":[{"@type":"WebPage","@id":"https:\/\/grundschule-gickelsberg.de\/kamenz\/unsere-projekte\/","url":"https:\/\/grundschule-gickelsberg.de\/kamenz\/unsere-projekte\/","name":"Projekte - Grundschule Am Gickelsberg","isPartOf":{"@id":"https:\/\/grundschule-gickelsberg.de\/kamenz\/#website"},"primaryImageOfPage":{"@id":"https:\/\/grundschule-gickelsberg.de\/kamenz\/unsere-projekte\/#primaryimage"},"image":{"@id":"https:\/\/grundschule-gickelsberg.de\/kamenz\/unsere-projekte\/#primaryimage"},"thumbnailUrl":"https:\/\/grundschule-gickelsberg.de\/kamenz\/wp-content\/uploads\/2023\/08\/IMG_9422-1-scaled.jpg","datePublished":"2023-08-18T11:30:50+00:00","dateModified":"2024-07-26T09:24:03+00:00","description":"Wir f\u00fchren Projekte des f\u00e4cherverbindenden Unterichts und andere Projekte durch, die auch Strukturen der Klassenverb\u00e4nde aufl\u00f6sen. J\u00fcngere und \u00e4ltere Sch\u00fclerinnen und Sch\u00fcler aus den Klassen 1 bis 4 lernen \u00fcber einen begrenzten Zeitraum hinweg gemeinsam.","breadcrumb":{"@id":"https:\/\/grundschule-gickelsberg.de\/kamenz\/unsere-projekte\/#breadcrumb"},"inLanguage":"de","potentialAction":[{"@type":"ReadAction","target":["https:\/\/grundschule-gickelsberg.de\/kamenz\/unsere-projekte\/"]}]},{"@type":"ImageObject","inLanguage":"de","@id":"https:\/\/grundschule-gickelsberg.de\/kamenz\/unsere-projekte\/#primaryimage","url":"https:\/\/grundschule-gickelsberg.de\/kamenz\/wp-content\/uploads\/2023\/08\/IMG_9422-1-scaled.jpg","contentUrl":"https:\/\/grundschule-gickelsberg.de\/kamenz\/wp-content\/uploads\/2023\/08\/IMG_9422-1-scaled.jpg","width":2560,"height":1920},{"@type":"BreadcrumbList","@id":"https:\/\/grundschule-gickelsberg.de\/kamenz\/unsere-projekte\/#breadcrumb","itemListElement":[{"@type":"ListItem","position":1,"name":"Startseite","item":"https:\/\/grundschule-gickelsberg.de\/kamenz\/"},{"@type":"ListItem","position":2,"name":"Projekte"}]},{"@type":"WebSite","@id":"https:\/\/grundschule-gickelsberg.de\/kamenz\/#website","url":"https:\/\/grundschule-gickelsberg.de\/kamenz\/","name":"Grundschule Am Gickelsberg","description":"Die Kamenzer Schule ist eine von 4 Grundschulen mit Ganztagsbetreuung. Im Jahr 2023 wurde die Schule mit digitalen Lernmedien ausgestattet.","publisher":{"@id":"https:\/\/grundschule-gickelsberg.de\/kamenz\/#organization"},"potentialAction":[{"@type":"SearchAction","target":{"@type":"EntryPoint","urlTemplate":"https:\/\/grundschule-gickelsberg.de\/kamenz\/?s={search_term_string}"},"query-input":{"@type":"PropertyValueSpecification","valueRequired":true,"valueName":"search_term_string"}}],"inLanguage":"de"},{"@type":"Organization","@id":"https:\/\/grundschule-gickelsberg.de\/kamenz\/#organization","name":"Grundschule Am Gickelsberg","url":"https:\/\/grundschule-gickelsberg.de\/kamenz\/","logo":{"@type":"ImageObject","inLanguage":"de","@id":"https:\/\/grundschule-gickelsberg.de\/kamenz\/#\/schema\/logo\/image\/","url":"https:\/\/grundschule-gickelsberg.de\/kamenz\/wp-content\/uploads\/2023\/08\/gickel.png","contentUrl":"https:\/\/grundschule-gickelsberg.de\/kamenz\/wp-content\/uploads\/2023\/08\/gickel.png","width":126,"height":136,"caption":"Grundschule Am Gickelsberg"},"image":{"@id":"https:\/\/grundschule-gickelsberg.de\/kamenz\/#\/schema\/logo\/image\/"}}]}},"jetpack_sharing_enabled":true,"_links":{"self":[{"href":"https:\/\/grundschule-gickelsberg.de\/kamenz\/wp-json\/wp\/v2\/pages\/474","targetHints":{"allow":["GET"]}}],"collection":[{"href":"https:\/\/grundschule-gickelsberg.de\/kamenz\/wp-json\/wp\/v2\/pages"}],"about":[{"href":"https:\/\/grundschule-gickelsberg.de\/kamenz\/wp-json\/wp\/v2\/types\/page"}],"author":[{"embeddable":true,"href":"https:\/\/grundschule-gickelsberg.de\/kamenz\/wp-json\/wp\/v2\/users\/1"}],"replies":[{"embeddable":true,"href":"https:\/\/grundschule-gickelsberg.de\/kamenz\/wp-json\/wp\/v2\/comments?post=474"}],"version-history":[{"count":38,"href":"https:\/\/grundschule-gickelsberg.de\/kamenz\/wp-json\/wp\/v2\/pages\/474\/revisions"}],"predecessor-version":[{"id":1128,"href":"https:\/\/grundschule-gickelsberg.de\/kamenz\/wp-json\/wp\/v2\/pages\/474\/revisions\/1128"}],"wp:featuredmedia":[{"embeddable":true,"href":"https:\/\/grundschule-gickelsberg.de\/kamenz\/wp-json\/wp\/v2\/media\/577"}],"wp:attachment":[{"href":"https:\/\/grundschule-gickelsberg.de\/kamenz\/wp-json\/wp\/v2\/media?parent=474"}],"curies":[{"name":"wp","href":"https:\/\/api.w.org\/{rel}","templated":true}]}}